{"id":10668,"date":"2026-09-01T16:56:34","date_gmt":"2026-09-01T14:56:34","guid":{"rendered":"https:\/\/transfer-personal.com\/jobs\/personalreferent-personalreferentin-m-w-d-19919\/"},"modified":"2026-09-02T08:35:28","modified_gmt":"2026-09-02T06:35:28","slug":"personalreferent-personalreferentin-m-w-d-19919","status":"publish","type":"jobs","link":"https:\/\/transfer-personal.com\/en\/jobs\/personalreferent-personalreferentin-m-w-d-19919\/","title":{"rendered":"Personalreferent \/ Personalreferentin  (m\/w\/d)"},"excerpt":{"rendered":"<p>Im Zuge unseres Expansionskurses suchen wir f\u00fcr unser TRANSFER Team in Weiz eine engagierte Pers\u00f6nlichkeit als Personalreferent \/ Personalreferentin (m\/w\/d) zum sofortigen Eintritt. TRANSFER Personalmanagement z\u00e4hlt zu den f\u00fchrenden Personaldienstleistern \u00d6sterreichs. Seit \u00fcber 30 Jahren unterst\u00fctzen und beraten wir unsere Kunden aus unterschiedlichsten Branchen bei der Rekrutierung und Auswahl qualifizierter Mitarbeiterinnen und Mitarbeiter. Aufgabenbereiche: &#8211; [&hellip;]<\/p>\n","protected":false},"author":0,"featured_media":0,"template":"","class_list":["post-10668","jobs","type-jobs","status-publish","hentry"],"acf":[],"_links":{"self":[{"href":"https:\/\/transfer-personal.com\/en\/wp-json\/wp\/v2\/jobs\/10668","targetHints":{"allow":["GET"]}}],"collection":[{"href":"https:\/\/transfer-personal.com\/en\/wp-json\/wp\/v2\/jobs"}],"about":[{"href":"https:\/\/transfer-personal.com\/en\/wp-json\/wp\/v2\/types\/jobs"}],"wp:attachment":[{"href":"https:\/\/transfer-personal.com\/en\/wp-json\/wp\/v2\/media?parent=10668"}],"curies":[{"name":"wp","href":"https:\/\/api.w.org\/{rel}","templated":true}]}}